{"id":911,"date":"2020-05-04T13:03:17","date_gmt":"2020-05-04T13:03:17","guid":{"rendered":"https:\/\/www.gscglobalservice.com\/it\/?page_id=911"},"modified":"2024-12-10T15:37:00","modified_gmt":"2024-12-10T15:37:00","slug":"imu-tasi","status":"publish","type":"page","link":"https:\/\/www.gscglobalservice.com\/it\/imu-tasi\/","title":{"rendered":"Imu Tasi"},"content":{"rendered":"<p>[et_pb_section fb_built=&#8221;1&#8243; _builder_version=&#8221;4.4.4&#8243; background_enable_color=&#8221;off&#8221; use_background_color_gradient=&#8221;on&#8221; background_color_gradient_start=&#8221;rgba(31,118,203,0.68)&#8221; background_color_gradient_end=&#8221;rgba(0,162,165,0.24)&#8221; background_color_gradient_direction=&#8221;90deg&#8221; background_color_gradient_overlays_image=&#8221;on&#8221; background_image=&#8221;https:\/\/www.gscglobalservice.com\/it\/wp-content\/uploads\/2022\/03\/modena-iuc-imu-tasi-e-tari.webp&#8221;][et_pb_row column_structure=&#8221;2_3,1_3&#8243; _builder_version=&#8221;4.4.4&#8243;][et_pb_column type=&#8221;2_3&#8243; _builder_version=&#8221;3.26&#8243;][et_pb_text _builder_version=&#8221;4.4.4&#8243; text_font=&#8221;Raleway|300|||||||&#8221; text_font_size=&#8221;19px&#8221; text_line_height=&#8221;1.8em&#8221; header_font=&#8221;Open Sans|700||on|||||&#8221; header_font_size=&#8221;50px&#8221; header_2_font=&#8221;Open Sans||||||||&#8221; header_2_font_size=&#8221;46px&#8221; header_3_font=&#8221;Open Sans||||||||&#8221; background_layout=&#8221;dark&#8221; animation_style=&#8221;fade&#8221; animation_direction=&#8221;left&#8221; animation_starting_opacity=&#8221;25%&#8221; header_font_size_tablet=&#8221;50px&#8221; header_font_size_phone=&#8221;50px&#8221; header_font_size_last_edited=&#8221;on|desktop&#8221; text_text_align=&#8221;left&#8221;]<\/p>\n<h1>Imu &#8211; Tari &#8211; Tasi<\/h1>\n<p>[\/et_pb_text][\/et_pb_column][et_pb_column type=&#8221;1_3&#8243; _builder_version=&#8221;3.26&#8243;][\/et_pb_column][\/et_pb_row][et_pb_row column_structure=&#8221;1_3,1_3,1_3&#8243; _builder_version=&#8221;4.4.4&#8243;][et_pb_column type=&#8221;1_3&#8243; _builder_version=&#8221;3.26&#8243;][\/et_pb_column][et_pb_column type=&#8221;1_3&#8243; _builder_version=&#8221;3.26&#8243;][\/et_pb_column][et_pb_column type=&#8221;1_3&#8243; _builder_version=&#8221;3.26&#8243;][et_pb_social_media_follow follow_button=&#8221;on&#8221; _builder_version=&#8221;4.4.4&#8243; background_color=&#8221;rgba(0,0,0,0)&#8221; custom_button=&#8221;on&#8221; button_text_color=&#8221;#0c71c3&#8243; button_bg_color=&#8221;#ffffff&#8221; text_orientation=&#8221;right&#8221;][et_pb_social_media_follow_network social_network=&#8221;facebook&#8221; url=&#8221;https:\/\/www.facebook.com\/profile.php?id=100091736776289&#8243; _builder_version=&#8221;4.4.4&#8243; background_color=&#8221;#3b5998&#8243; follow_button=&#8221;on&#8221; url_new_window=&#8221;on&#8221;]facebook[\/et_pb_social_media_follow_network][et_pb_social_media_follow_network social_network=&#8221;instagram&#8221; url=&#8221;https:\/\/instagram.com\/gscglobalservice?igshid=YmMyMTA2M2Y=&#8221; _builder_version=&#8221;4.4.4&#8243; background_color=&#8221;#ea2c59&#8243; follow_button=&#8221;on&#8221; url_new_window=&#8221;on&#8221;]instagram[\/et_pb_social_media_follow_network][\/et_pb_social_media_follow][\/et_pb_column][\/et_pb_row][\/et_pb_section][et_pb_section fb_built=&#8221;1&#8243; _builder_version=&#8221;3.26&#8243; background_color=&#8221;#f4f4f4&#8243;][et_pb_row _builder_version=&#8221;4.4.4&#8243; custom_padding=&#8221;||2px|||&#8221;][et_pb_column type=&#8221;4_4&#8243; _builder_version=&#8221;4.4.4&#8243;][et_pb_text _builder_version=&#8221;4.4.4&#8243; custom_margin=&#8221;||-3px|||&#8221;]<\/p>\n<p><em>Altre sezioni<\/em><\/p>\n<p>[\/et_pb_text][et_pb_menu menu_id=&#8221;8&#8243; dropdown_menu_bg_color=&#8221;#ffffff&#8221; mobile_menu_bg_color=&#8221;#ffffff&#8221; cart_icon_color=&#8221;#000000&#8243; _builder_version=&#8221;4.4.4&#8243; menu_font_size=&#8221;13px&#8221; background_color=&#8221;rgba(0,0,0,0)&#8221; animation_style=&#8221;slide&#8221; locked=&#8221;off&#8221;][\/et_pb_menu][\/et_pb_column][\/et_pb_row][et_pb_row _builder_version=&#8221;3.25&#8243;][et_pb_column type=&#8221;4_4&#8243; _builder_version=&#8221;3.25&#8243; custom_padding=&#8221;|||&#8221; custom_padding__hover=&#8221;|||&#8221;][et_pb_text _builder_version=&#8221;4.4.4&#8243; text_font=&#8221;Raleway|300|||||||&#8221; text_font_size=&#8221;19px&#8221; text_line_height=&#8221;1.8em&#8221; header_font=&#8221;Open Sans|700||on|||||&#8221; header_font_size=&#8221;80px&#8221; header_2_font=&#8221;Open Sans||||||||&#8221; header_2_font_size=&#8221;46px&#8221; header_3_font=&#8221;Open Sans||||||||&#8221; custom_padding=&#8221;0px|||||&#8221; text_text_align=&#8221;left&#8221;]<\/p>\n<h3><strong>Imposta Unica Comunale<\/strong><\/h3>\n<p>L\u2019<strong>Imposta Unica Comunale<\/strong><span>\u00a0<\/span>(IUC) nasce nel 2014 e ha come presupposti:<\/p>\n<ul>\n<li>il possesso degli immobili (abitazioni, pertinenze, uffici, negozi, terreni, ecc.);<\/li>\n<li>la fruizione da parte dei residenti di determinati servizi comunali.<\/li>\n<\/ul>\n<p>Di per s\u00e9 la IUC, in qualit\u00e0 di singola imposta da pagare, non esiste, ma pi\u00f9 esattamente \u00e8 il risultato dell\u2019unione di tre diverse imposte:<\/p>\n<ul>\n<li><strong><\/strong><span><strong>IMU<\/strong>\u00a0<\/span>(sul possesso degli immobili);<\/li>\n<li><strong>TARI<span>\u00a0<\/span><\/strong>(sulla raccolta rifiuti del Comune).<\/li>\n<li><strong>TASI<\/strong>(sui servizi indivisibili del Comune),<span>\u00a0<\/span><strong>abolita per\u00f2 a decorre dal 2020 e confluita nell&#8217;IMU<\/strong>;<\/li>\n<\/ul>\n<p>[\/et_pb_text][et_pb_image src=&#8221;https:\/\/www.gscglobalservice.com\/it\/wp-content\/uploads\/2020\/12\/pwa_ico.png&#8221; title_text=&#8221;pwa_ico&#8221; _builder_version=&#8221;4.4.4&#8243; width=&#8221;13%&#8221;][\/et_pb_image][\/et_pb_column][\/et_pb_row][et_pb_row column_structure=&#8221;1_3,2_3&#8243; make_equal=&#8221;on&#8221; _builder_version=&#8221;3.26&#8243;][et_pb_column type=&#8221;1_3&#8243; _builder_version=&#8221;3.26&#8243; border_color_all=&#8221;#9e9e9e&#8221; border_width_right=&#8221;1px&#8221;][et_pb_text _builder_version=&#8221;4.4.4&#8243; text_font=&#8221;Raleway|300|||||||&#8221; text_font_size=&#8221;16px&#8221; text_line_height=&#8221;1.8em&#8221; header_font=&#8221;Open Sans|700||on|||||&#8221; header_font_size=&#8221;80px&#8221; header_2_font=&#8221;Open Sans||||||||&#8221; header_2_font_size=&#8221;46px&#8221; header_3_font=&#8221;Open Sans||||||||&#8221; text_text_align=&#8221;left&#8221;]<\/p>\n<h3><span style=\"font-size: 18.72px;\">Tasse comunali<\/span><span style=\"font-size: 16px;\"><\/span><\/h3>\n<p>[\/et_pb_text][et_pb_blurb use_icon=&#8221;on&#8221; font_icon=&#8221;%%49%%&#8221; icon_placement=&#8221;left&#8221; use_icon_font_size=&#8221;on&#8221; icon_font_size=&#8221;23px&#8221; _builder_version=&#8221;4.4.4&#8243; header_level=&#8221;h3&#8243; header_font=&#8221;Open Sans||||||||&#8221; body_font=&#8221;Raleway|300|||||||&#8221; body_font_size=&#8221;16px&#8221; body_line_height=&#8221;1.8em&#8221; custom_margin=&#8221;||20px||false|false&#8221; link_option_url=&#8221;#&#8221;]<\/p>\n<p>IMU<\/p>\n<p>[\/et_pb_blurb][et_pb_blurb use_icon=&#8221;on&#8221; font_icon=&#8221;%%49%%&#8221; icon_placement=&#8221;left&#8221; use_icon_font_size=&#8221;on&#8221; icon_font_size=&#8221;23px&#8221; _builder_version=&#8221;4.4.4&#8243; header_level=&#8221;h3&#8243; header_font=&#8221;Open Sans||||||||&#8221; body_font=&#8221;Raleway|300|||||||&#8221; body_font_size=&#8221;16px&#8221; body_line_height=&#8221;1.8em&#8221; custom_margin=&#8221;||20px||false|false&#8221; link_option_url=&#8221;#&#8221;]<\/p>\n<p>Tari<\/p>\n<p>[\/et_pb_blurb][et_pb_blurb use_icon=&#8221;on&#8221; font_icon=&#8221;%%49%%&#8221; icon_placement=&#8221;left&#8221; use_icon_font_size=&#8221;on&#8221; icon_font_size=&#8221;23px&#8221; _builder_version=&#8221;4.4.4&#8243; header_level=&#8221;h3&#8243; header_font=&#8221;Open Sans||||||||&#8221; body_font=&#8221;Raleway|300|||||||&#8221; body_font_size=&#8221;16px&#8221; body_line_height=&#8221;1.8em&#8221; custom_margin=&#8221;||20px||false|false&#8221; link_option_url=&#8221;#&#8221;]<\/p>\n<p>TASI<\/p>\n<p>[\/et_pb_blurb][et_pb_image src=&#8221;https:\/\/www.gscglobalservice.com\/it\/wp-content\/uploads\/2020\/05\/IMU-TASI-TARI.png&#8221; title_text=&#8221;IMU-TASI-TARI&#8221; _builder_version=&#8221;4.4.4&#8243; width=&#8221;76%&#8221; max_width=&#8221;78%&#8221;][\/et_pb_image][\/et_pb_column][et_pb_column type=&#8221;2_3&#8243; _builder_version=&#8221;3.26&#8243;][et_pb_text _builder_version=&#8221;4.4.4&#8243; text_font=&#8221;Raleway|300|||||||&#8221; text_font_size=&#8221;16px&#8221; text_line_height=&#8221;1.8em&#8221; header_font=&#8221;Open Sans|700||on|||||&#8221; header_font_size=&#8221;80px&#8221; header_2_font=&#8221;Open Sans||||||||&#8221; header_2_font_size=&#8221;46px&#8221; header_3_font=&#8221;Open Sans||||||||&#8221; text_text_align=&#8221;left&#8221;]<\/p>\n<h3><span style=\"font-size: 18.72px;\">Autonomia dei comuni<\/span><\/h3>\n<p><span>Ciascun Comune ha la possibilit\u00e0 di deliberare, in via autonoma, differenti aliquote e detrazioni. Appunto per questo \u00e8 importante fare riferimento alle singole delibere di approvazione che ogni anno vengono emanate dalle rispettive giunte.<\/span><\/p>\n<p><span>CAF ha a disposizione un archivio costantemente aggiornato con tutte le aliquote deliberate ogni anno da tutti i Comuni italiani.<\/span><\/p>\n<p><span>Limitatamente all\u2019IMU e alla TASI fanno eccezione i Comuni situati nelle Provincie autonome di Trento e Bolzano, dove, in sostituzione delle suddette imposte, vengono applicate rispettivamente <strong>IMIS<\/strong> e <strong>IMI<\/strong><\/span><span>.<\/span><\/p>\n<p><span>Va infine specificato che l\u2019IMU, la tassa pi\u00f9 \u201canziana\u201d delle tre che compongono la IUC, \u00e8 stata istituita in sostituzione della vecchia\u00a0<\/span><strong>ICI<\/strong><span>.<\/span><\/p>\n<p>[\/et_pb_text][\/et_pb_column][\/et_pb_row][\/et_pb_section][et_pb_section fb_built=&#8221;1&#8243; admin_label=&#8221;Process&#8221; _builder_version=&#8221;3.26&#8243; custom_margin=&#8221;|0px|10px|0px|false|false&#8221; custom_padding=&#8221;||0px|||&#8221; locked=&#8221;off&#8221;][et_pb_row _builder_version=&#8221;3.25&#8243; locked=&#8221;off&#8221;][et_pb_column type=&#8221;4_4&#8243; _builder_version=&#8221;3.25&#8243; custom_padding=&#8221;|||&#8221; custom_padding__hover=&#8221;|||&#8221;][et_pb_text _builder_version=&#8221;4.4.4&#8243; text_font=&#8221;Raleway|300|||||||&#8221; text_font_size=&#8221;19px&#8221; text_line_height=&#8221;1.8em&#8221; header_font=&#8221;Open Sans|700||on|||||&#8221; header_font_size=&#8221;80px&#8221; header_2_font=&#8221;Open Sans||||||||&#8221; header_2_font_size=&#8221;46px&#8221; header_3_font=&#8221;Open Sans||||||||&#8221; text_orientation=&#8221;center&#8221; text_text_align=&#8221;center&#8221;]<\/p>\n<h3 style=\"text-align: center;\">Chi deve pagare IMU &#8211; Tari &#8211; TASI<\/h3>\n<p style=\"text-align: left;\">Il versamento ai comuni di queste imposte si differenzia in base alla detenzione o al possesso di immobili,\u00a0<span>aree fabbricabili. etc. In dettaglio:<\/span><\/p>\n<p>[\/et_pb_text][\/et_pb_column][\/et_pb_row][\/et_pb_section][et_pb_section fb_built=&#8221;1&#8243; specialty=&#8221;on&#8221; _builder_version=&#8221;3.26&#8243; custom_padding=&#8221;0px|||||&#8221;][et_pb_column type=&#8221;1_3&#8243; _builder_version=&#8221;3.25&#8243; custom_padding=&#8221;|||&#8221; custom_padding__hover=&#8221;|||&#8221;][et_pb_image src=&#8221;https:\/\/www.gscglobalservice.com\/it\/wp-content\/uploads\/2020\/05\/business-coach-04-320&#215;480-1.jpg&#8221; _builder_version=&#8221;3.26&#8243;][\/et_pb_image][\/et_pb_column][et_pb_column type=&#8221;2_3&#8243; specialty_columns=&#8221;2&#8243; _builder_version=&#8221;3.25&#8243; custom_padding=&#8221;|||&#8221; custom_padding__hover=&#8221;|||&#8221;][et_pb_row_inner _builder_version=&#8221;3.26&#8243;][et_pb_column_inner saved_specialty_column_type=&#8221;2_3&#8243; _builder_version=&#8221;3.26&#8243;][et_pb_text _builder_version=&#8221;4.4.4&#8243; text_font=&#8221;Raleway|300|||||||&#8221; text_font_size=&#8221;16px&#8221; text_line_height=&#8221;1.8em&#8221; header_font=&#8221;Open Sans|700||on|||||&#8221; header_font_size=&#8221;80px&#8221; header_2_font=&#8221;Open Sans||||||||&#8221; header_2_font_size=&#8221;46px&#8221; header_3_font=&#8221;Open Sans||||||||&#8221; text_text_align=&#8221;left&#8221;]<\/p>\n<h3><span style=\"font-size: 18.72px;\"><strong>Categorie di contribuenti<\/strong><\/span><\/h3>\n<p><span>Il versamento della\u00a0<\/span><strong>tassa IMU<\/strong><span>\u00a0\u00e8 dovuto da coloro che sono in possesso degli immobili indicati nell\u2019articolo 2 del Dlgs 504 del 1992, ovvero:<\/span><\/p>\n<ul>\n<li>fabbricati;<\/li>\n<li>aree fabbricabili;<\/li>\n<li>terreni agricoli.<\/li>\n<\/ul>\n<p><span>Doveva pagare la TASI (<strong>abolita per\u00f2 a decorre dal 2020 e confluita nell&#8217;IMU)\u00a0<\/strong>chi era in possesso (o in detenzione) di:<\/span><\/p>\n<ul>\n<li>fabbricati (comprese le abitazioni principali classificate nelle categorie catastali A\/1, A\/8 e A\/9);<\/li>\n<li>aree fabbricabili.<\/li>\n<\/ul>\n<p><span>La\u00a0<\/span><strong>TARI<\/strong><span>\u00a0\u00e8 l\u2019<\/span><strong>imposta comunale sui rifiuti (Tariffa Rifiuti)<\/strong><span>\u00a0istituita a partire dal gennaio 2015. \u00c8 dovuta da chiunque possieda o detenga, a qualsiasi titolo, locali o aree scoperte suscettibili di produrre rifiuti urbani. In caso di pluralit\u00e0 di possessori o di detentori (si veda ad esempio il caso degli appartamenti dati in affitto), essi sono tenuti in solido al versamento. Il valore imponibile di riferimento su cui viene calcolata la tariffa \u00e8 la superficie dell\u2019immobile.<\/span><\/p>\n<p>[\/et_pb_text][\/et_pb_column_inner][\/et_pb_row_inner][\/et_pb_column][\/et_pb_section][et_pb_section fb_built=&#8221;1&#8243; admin_label=&#8221;Process&#8221; _builder_version=&#8221;3.26&#8243; background_color=&#8221;#f4f4f4&#8243; custom_margin=&#8221;|40px|40px|40px|false|true&#8221; custom_margin_tablet=&#8221;|10px|10px|10px|false|false&#8221; custom_margin_phone=&#8221;&#8221; custom_margin_last_edited=&#8221;on|desktop&#8221; locked=&#8221;off&#8221;][et_pb_row _builder_version=&#8221;3.25&#8243;][et_pb_column type=&#8221;4_4&#8243; _builder_version=&#8221;3.25&#8243; custom_padding=&#8221;|||&#8221; custom_padding__hover=&#8221;|||&#8221;][et_pb_text _builder_version=&#8221;4.4.4&#8243; text_font=&#8221;Raleway|300|||||||&#8221; text_font_size=&#8221;19px&#8221; text_line_height=&#8221;1.8em&#8221; header_font=&#8221;Open Sans|700||on|||||&#8221; header_font_size=&#8221;80px&#8221; header_2_font=&#8221;Open Sans||||||||&#8221; header_2_font_size=&#8221;46px&#8221; header_3_font=&#8221;Open Sans||||||||&#8221; text_orientation=&#8221;center&#8221; text_text_align=&#8221;center&#8221;]<\/p>\n<h2>Domande Frequenti<\/h2>\n<p>[\/et_pb_text][et_pb_accordion open_toggle_text_color=&#8221;#0c0c0c&#8221; open_toggle_background_color=&#8221;rgba(0,0,0,0)&#8221; closed_toggle_background_color=&#8221;rgba(0,0,0,0)&#8221; icon_color=&#8221;#0c71c3&#8243; use_icon_font_size=&#8221;on&#8221; icon_font_size=&#8221;26px&#8221; _builder_version=&#8221;4.4.4&#8243; toggle_font=&#8221;Open Sans||||||||&#8221; body_font=&#8221;Raleway|300|||||||&#8221; body_text_color=&#8221;#999999&#8243; body_font_size=&#8221;16px&#8221; body_line_height=&#8221;1.8em&#8221; animation_style=&#8221;fold&#8221; animation_direction=&#8221;right&#8221; animation_starting_opacity=&#8221;25%&#8221; hover_transition_duration=&#8221;50ms&#8221; hover_transition_speed_curve=&#8221;ease-in-out&#8221; border_width_all=&#8221;0px&#8221; border_width_top=&#8221;1px&#8221; border_width_bottom=&#8221;1px&#8221;][et_pb_accordion_item title=&#8221;Come Funziona la TARI&#8221; open=&#8221;on&#8221; _builder_version=&#8221;4.4.4&#8243; custom_margin=&#8221;||8px||false|false&#8221; hover_transition_speed_curve=&#8221;ease-in-out&#8221; transform_styles__hover_enabled=&#8221;off&#8221; transform_scale__hover_enabled=&#8221;off&#8221; transform_translate__hover_enabled=&#8221;off&#8221; transform_rotate__hover_enabled=&#8221;off&#8221; transform_skew__hover_enabled=&#8221;off&#8221; transform_origin__hover_enabled=&#8221;off&#8221; custom_margin__hover_enabled=&#8221;off&#8221;]<\/p>\n<p><span><\/span><span>La\u00a0<\/span><strong>TARI<\/strong><span>\u00a0\u00e8 l\u2019<\/span><strong>imposta comunale sui rifiuti (Tariffa Rifiuti)<\/strong><span>\u00a0istituita a partire dal gennaio 2015. \u00c8 dovuta da chiunque possieda o detenga, a qualsiasi titolo, locali o aree scoperte suscettibili di produrre rifiuti urbani. In caso di pluralit\u00e0 di possessori o di detentori (si veda ad esempio il caso degli appartamenti dati in affitto), essi sono tenuti in solido al versamento. Il valore imponibile di riferimento su cui viene calcolata la tariffa \u00e8 la superficie dell\u2019immobile.<\/span><\/p>\n<p><span>La tariffa vera e propria, invece, comprende due quote: una fissa e una variabile. La quota fissa viene determinata in base alle componenti essenziali del costo del servizio; la quota variabile viene invece rapportata sia alla composizione del nucleo familiare, sia alla quantit\u00e0 di rifiuti prodotta per singola utenza.<\/span><\/p>\n<p><span>A differenza degli altri due tributi di cui si compone la\u00a0<\/span><strong>IUC<span>\u00a0<\/span><\/strong><span>(<\/span><strong>IMU<span>\u00a0<\/span><\/strong><span>e\u00a0<\/span><strong>TASI<\/strong><span>), il calcolo della\u00a0<\/span><strong>TARI<\/strong><span>\u00a0viene effettuato direttamente dal Comune, che spedisce ogni anno il bollettino di versamento precompilato a casa dei contribuenti.<\/span><\/p>\n<p>[\/et_pb_accordion_item][et_pb_accordion_item title=&#8221;Chi deve pagare la TASI?&#8221; _builder_version=&#8221;4.4.4&#8243; custom_margin=&#8221;||8px||false|false&#8221; transform_styles__hover_enabled=&#8221;off&#8221; custom_margin__hover_enabled=&#8221;off&#8221; transform_scale__hover_enabled=&#8221;off&#8221; transform_translate__hover_enabled=&#8221;off&#8221; transform_rotate__hover_enabled=&#8221;off&#8221; transform_skew__hover_enabled=&#8221;off&#8221; transform_origin__hover_enabled=&#8221;off&#8221; open=&#8221;off&#8221;]<\/p>\n<p><span>Doveva pagare la TASI chi era in possesso (o in detenzione) di:<\/span><\/p>\n<ul>\n<li>fabbricati (comprese le abitazioni principali classificate nelle categorie catastali A\/1, A\/8 e A\/9);<\/li>\n<li>aree fabbricabili.<\/li>\n<\/ul>\n<p><span>\u00a0<\/span><\/p>\n<p>Pi\u00f9 esattamente dovevano pagare la TASI:<\/p>\n<ul>\n<li>il proprietario;<\/li>\n<li>l\u2019usufruttuario;<\/li>\n<li>il titolare del diritto d\u2019uso, abitazione, enfiteusi, superficie;<\/li>\n<li>coniuge assegnatario della casa coniugale a seguito di separazione legale, annullamento, scioglimento o cessazione degli effetti civili del matrimonio (ma solo nel caso di abitazione \u201cdi lusso\u201d);<\/li>\n<li>il detentore\/occupante (ma solo nel caso in cui non utilizzi l\u2019immobile come sua abitazione principale).<\/li>\n<\/ul>\n<p><span>\u00a0<\/span><\/p>\n<p>Nel caso in cui il proprietario e l\u2019occupante fossero tenuti entrambi a versare la TASI, dovevano pagare con versamenti autonomi e percentuali diverse, secondo quanto stabilito nella delibera comunale:<\/p>\n<ul>\n<li>l\u2019occupante in una misura tra il 10% e il 30%;<\/li>\n<li>il titolare in una misura tra il 90% e il 70%.<\/li>\n<\/ul>\n<p><span>\u00a0<\/span><\/p>\n<p>Nel caso invece il Comune non avesse indicato le rispettive quote di ripartizione tra il proprietario e l\u2019occupante, la TASI era dovuta dal titolare nella misura del 90% e dall\u2019occupante nella misura del 10%.<\/p>\n<p><span>dipendenti.<\/span><\/p>\n<p><span>Le prestazioni del CAF pi\u00f9 utili per i lavoratori sono la compilazione e la trasmissione telematica dei seguenti documenti:<\/span><\/p>\n<p><span>\u00a0\u00a0 &#8211; modelli 730;<\/span><br \/> <span>\u00a0\u00a0 &#8211; dichiarazioni fiscali di qualsiasi tipo;<\/span><br \/> <span>\u00a0\u00a0 &#8211; modelli Red;<\/span><br \/> <span>\u00a0\u00a0 &#8211; modelli Isee.<\/span><\/p>\n<p>[\/et_pb_accordion_item][et_pb_accordion_item title=&#8221;Quanto si deve pagare di TASI?&#8221; _builder_version=&#8221;4.4.4&#8243; custom_margin=&#8221;||8px||false|false&#8221; transform_styles__hover_enabled=&#8221;off&#8221; custom_margin__hover_enabled=&#8221;off&#8221; transform_scale__hover_enabled=&#8221;off&#8221; transform_translate__hover_enabled=&#8221;off&#8221; transform_rotate__hover_enabled=&#8221;off&#8221; transform_skew__hover_enabled=&#8221;off&#8221; transform_origin__hover_enabled=&#8221;off&#8221; open=&#8221;off&#8221;]<\/p>\n<p><span>Per avere assistenza sul<\/span><strong><span>\u00a0<\/span>calcolo della TASI<\/strong><span>\u00a0dovuta fino all&#8217;anno 2019 il contribuente pu\u00f2 al nostro CAF\u00a0<\/span><span>che haa disposizione un archivio con tutte le aliquote deliberate in ogni Comune italiano. Sulla rendita catastale degli immobili (rivalutata prima del 5% e poi associata al moltiplicatore di riferimento) era prevista l&#8217;applicazione di un\u2019aliquota ordinaria pari all\u20191 per mille, che per\u00f2, a discrezione del Comune, poteva anche essere azzerata.<\/span><\/p>\n<p><span>La ragione tecnica della possibilit\u00e0 di azzerare l\u2019<\/span><strong>aliquota TASI<\/strong><span>\u00a0stava nel fatto che per legge la somma delle aliquote IMU + TASI non potesse superare l\u2019aliquota massima applicabile con la sola\u00a0<\/span><strong>IMU<\/strong><span>. Quindi, tenuto conto che per le abitazioni principali non esenti la massima aliquota IMU era pari al 6 per mille, mentre per gli altri immobili era pari al 10,6 per mille, se un Comune, ad esempio, avesse deliberato sulle seconde case un\u2019aliquota IMU del 10,6 per mille, ecco che l\u20191 per mille della TASI sarebbe stato automaticamente azzerato. Al contrario, nel caso in cui sulle seconde case fosse stata deliberata un\u2019aliquota IMU pari al 7,6 per mille, a tale aliquota avrebbe potuto tranquillamente sommarsi l\u20191 per mille della\u00a0<\/span><strong>TASI<\/strong><span>, per un prelievo complessivo che a quel punto avrebbe raggiunto l\u20198,6 per mille, quindi entro la soglia massima del 10,6 stabilita dalla legge.<\/span><\/p>\n<p>[\/et_pb_accordion_item][et_pb_accordion_item title=&#8221;Come si paga la TASI?&#8221; _builder_version=&#8221;4.4.4&#8243; open=&#8221;off&#8221;]<\/p>\n<p><strong>La TASI veniva pagata tramite Modelllo F24\u00a0<\/strong><span>in due rate pari al 50% dell\u2019imposta annua, oppure in una rata unica pari al 100%. Il contribuente che abbia necessit\u00e0 pu\u00f2 rivolgersi al nostro CAF<\/span><span>\u00a0per il calcolo della TASI dovuta su anni precedenti al 2020, sar\u00e0 aiutato direttamente dall\u2019operatore.<\/span><\/p>\n<p><span>Alla fine l\u2019operatore gli rilascer\u00e0 l\u2019F24 gi\u00e0 compilato con l\u2019importo da versare. Ovviamente il tributo verr\u00e0 rapportato al periodo di possesso effettivo che si \u00e8 protratto nell\u2019arco dei 12 mesi. In pratica, se un immobile \u00e8 stato posseduto solo per 10 mesi, il calcolo dell\u2019imposta verr\u00e0 calibrato su un periodo di 10 mesi anzich\u00e9 12.<\/span><\/p>\n<p>[\/et_pb_accordion_item][et_pb_accordion_item title=&#8221;Quando si paga la TASI?&#8221; _builder_version=&#8221;4.4.4&#8243; open=&#8221;off&#8221;]<\/p>\n<p><span>Come per l&#8217;IMU era previsto il pagamento in due rate che scadevano:<\/span><\/p>\n<ul>\n<li>il 16 giugno (versamento dell\u2019acconto);<\/li>\n<li>il 16 dicembre (versamento del saldo).<\/li>\n<\/ul>\n<p>[\/et_pb_accordion_item][et_pb_accordion_item title=&#8221;Chi non deve pagare la TASI?&#8221; _builder_version=&#8221;4.4.4&#8243; open=&#8221;off&#8221;]<\/p>\n<p><span>Dal 1\u00b0 gennaio 2016 sono stati esentati dal pagamento della TASI i possessori\/detentori delle abitazioni principali accatastate nelle categorie A\/2, A\/3, A\/4, A\/5, A\/6, A\/7 e delle relative pertinenze. Quindi le uniche abitazioni principali per cui era ancora dovuta l\u2019imposta erano quelle accatastate nelle cosiddette categorie \u201cdi lusso\u201d: A\/1, A\/8 e A\/9. Per abitazione principale si intende l\u2019immobile \u201cnel quale il possessore dimora abitualmente e risiede anagraficamente\u201d. Ci\u00f2 significa che mancando anche uno di questi due requisiti (dimora fisica o residenza anagrafica), l\u2019immobile \u00e8 automaticamente considerato come seconda casa, e in quanto tale soggetto alla\u00a0<\/span><strong>TASI<\/strong><span>.<\/span><\/p>\n<p>Inoltre la<span>\u00a0<\/span><strong>TASI<\/strong>, esattamente come l\u2019<strong>IMU<\/strong>, non deve essere pagata per i seguenti immobili:<\/p>\n<ul>\n<li>le unit\u00e0 immobiliari appartenenti alle cooperative edilizie a propriet\u00e0 indivisa, adibite ad abitazione principale e relative pertinenze dei soci assegnatari;<\/li>\n<li>gli alloggi sociali;<\/li>\n<li>la casa coniugale assegnata al coniuge a seguito di separazione legale, annullamento, scioglimento o cessazione degli effetti civili del matrimonio;<\/li>\n<li>l\u2019unico immobile posseduto, e non concesso in locazione, dal personale in servizio permanente appartenente alle Forze armate e alle Forze di polizia ad ordinamento militare e da quello dipendente delle Forze di polizia ad ordinamento civile, nonch\u00e9 dal personale del Corpo nazionale dei vigili del fuoco e dal personale appartenente alla carriera prefettizia, per il quale non sono richieste le condizioni della dimora abituale e della residenza anagrafica;<\/li>\n<li>una sola unit\u00e0 immobiliare posseduta dai cittadini italiani non residenti nel territorio dello Stato e iscritti all&#8217;Anagrafe degli italiani residenti all&#8217;estero (AIRE), gi\u00e0 pensionati nei rispettivi Paesi di residenza, a titolo di propriet\u00e0 o di usufrutto in Italia, a condizione che non risulti locata o data in comodato d&#8217;uso.<\/li>\n<\/ul>\n<p>[\/et_pb_accordion_item][et_pb_accordion_item title=&#8221;Chi deve pagare l\u2019IMU?&#8221; _builder_version=&#8221;4.4.4&#8243; open=&#8221;off&#8221;]<\/p>\n<p><span>Il versamento della\u00a0<\/span><strong>tassa IMU<\/strong><span>\u00a0\u00e8 dovuto da coloro che sono in possesso degli immobili indicati nell\u2019articolo 2 del Dlgs 504 del 1992, ovvero:<\/span><\/p>\n<ul>\n<li>fabbricati;<\/li>\n<li>aree fabbricabili;<\/li>\n<li>terreni agricoli.<\/li>\n<li>proprietario di fabbricati, aree fabbricabili e terreni;<\/li>\n<li>titolare del diritto reale di usufrutto, uso, abitazione, enfiteusi, superficie;<\/li>\n<li>coniuge assegnatario della casa coniugale a seguito di separazione legale, annullamento, scioglimento o cessazione degli effetti civili del matrimonio (ma solo nel caso di abitazione \u201cdi lusso\u201d);<\/li>\n<li>concessionario nel caso di concessione di aree demaniali;<\/li>\n<li>locatario per gli immobili, anche da costruire o in corso di costruzione, concessi in locazione finanziaria.<\/li>\n<li><\/li>\n<\/ul>\n<p>[\/et_pb_accordion_item][et_pb_accordion_item title=&#8221;Quanto si deve pagare di IMU?&#8221; _builder_version=&#8221;4.4.4&#8243; open=&#8221;off&#8221;]<\/p>\n<p><span>Per il\u00a0<\/span><strong>calcolo dell\u2019IMU<\/strong><span>\u00a0il contribuente pu\u00f2 rivolgersi alla nostra sede CAF.\u00a0<\/span><span>La nostra sede ha a disposizione un archivio costantemente aggiornato con tutte le aliquote deliberate in ogni Comune italiano.<\/span><\/p>\n<p><span>Sulla rendita catastale degli immobili diversi dall\u2019abitazione principale (rivalutata prima del 5% e poi associata al moltiplicatore di riferimento) viene applicata un\u2019aliquota ordinaria che, per effetto della Legge di Bilancio 2020,<\/span><strong><span>\u00a0<\/span>si innalza dal 7,6 all&#8217;8,6 per mille<\/strong><span>\u00a0e che pu\u00f2 essere manovrata dai Comuni a determinate condizioni.<\/span><\/p>\n<p><span>Invece per le abitazioni principali non esenti (categorie catastali A\/1, A\/8 e A\/9) l\u2019aliquota ordinaria &#8211; sempre per effetto della Legge di Bilancio 2020 &#8211;\u00a0<\/span><strong>si innalza dal 4 al 5 per mille<\/strong><span>, anch\u2019essa modulabile dai Comuni, che a seguito di deliberazione del consiglio possono aumentarla di 1 punto millesimale o diminuirla fino all&#8217;azzeramento.<\/span><\/p>\n<p><span>Resta invece confermata sulle abitazioni principali non esenti la detrazione fissa pari a 200 euro.<\/span><\/p>\n<p>[\/et_pb_accordion_item][et_pb_accordion_item title=&#8221;Come si paga l\u2019IMU?&#8221; _builder_version=&#8221;4.4.4&#8243; open=&#8221;off&#8221;]<\/p>\n<p><span>L\u2019<\/span><strong>IMU viene pagata tramite il modello f24<\/strong><strong><span>\u00a0<\/span><\/strong><span>in due rate pari al 50% dell\u2019imposta annua, oppure in una rata unica pari al 100%.<\/span><br \/><span>Il contribuente che sceglie di rivolgersi al nostro CAF\u00a0<\/span><span>sar\u00e0 aiutato direttamente dall\u2019operatore nel<\/span><strong><span>\u00a0<\/span>calcolo del tributo<\/strong><span>.<\/span><\/p>\n<p><span>Alla fine l\u2019operatore gli rilascer\u00e0 l\u2019F24 gi\u00e0 compilato con l\u2019importo da versare. Ovviamente il tributo verr\u00e0 rapportato al periodo di possesso effettivo che si \u00e8 protratto nell\u2019arco dei 12 mesi. In pratica, se un immobile \u00e8 stato posseduto solo per 10 mesi, il calcolo dell\u2019imposta verr\u00e0 calibrato su un periodo di 10 mesi anzich\u00e9 di 12.<\/span><\/p>\n<p>[\/et_pb_accordion_item][et_pb_accordion_item title=&#8221;Quando si paga l\u2019IMU?&#8221; _builder_version=&#8221;4.4.4&#8243; open=&#8221;off&#8221;]<\/p>\n<p><span>Le\u00a0<\/span><strong>due rate IMU<span>\u00a0<\/span><\/strong><span>scadono:<\/span><\/p>\n<ul>\n<li>il 16 giugno* (versamento dell\u2019acconto);<\/li>\n<li>il 16 dicembre* (versamento del saldo).<\/li>\n<\/ul>\n<p><span>* Nel caso per\u00f2 in cui i suddetti termini coincidano con un giorno festivo o prefestivo, la scadenza slitta al primo giorno lavorativo utile. Se la scelta ricade sulla rata unica, l\u2019<\/span><strong>IMU<span>\u00a0<\/span><\/strong><span>va versata entro il 16 giugno.<\/span><\/p>\n<p>[\/et_pb_accordion_item][et_pb_accordion_item title=&#8221;Chi non deve pagare l\u2019IMU?&#8221; _builder_version=&#8221;4.4.4&#8243; open=&#8221;off&#8221;]<\/p>\n<p><span>Dal 1\u00b0 gennaio 2014 sono\u00a0<\/span><strong>esenti dal pagamento dell\u2019IMU<span>\u00a0<\/span><\/strong><span>i possessori delle abitazioni principali accatastate nelle categorie A\/2, A\/3, A\/4, A\/5, A\/6, A\/7 e delle relative pertinenze. Quindi le uniche abitazioni principali per cui \u00e8 ancora dovuta l\u2019imposta sono quelle accatastate nelle cosiddette categorie \u201cdi lusso\u201d: A\/1, A\/8 e A\/9.<\/span><\/p>\n<p><span>Per abitazione principale si intende l\u2019immobile \u201cnel quale il possessore dimora abitualmente e risiede anagraficamente\u201d. Ci\u00f2 significa che mancando anche uno di questi due requisiti, dimora fisica o residenza anagrafica, l\u2019immobile \u00e8 automaticamente considerato come seconda casa, e in quanto tale soggetto a IMU.<\/span><\/p>\n<p><span>Per pertinenze dell\u2019abitazione principale si intendono invece esclusivamente quelle classificate nelle categorie catastali C\/2, C\/6 e C\/7, nella misura massima di un\u2019unit\u00e0 pertinenziale per ciascuna delle medesime categorie. Ad esempio, nel caso di due pertinenze accatastate in C\/2, l\u2019esenzione dall\u2019IMU vale soltanto per una.\u00a0<\/span><\/p>\n<p>Inoltre l\u2019<strong>IMU non deve essere pagata<\/strong><span>\u00a0<\/span>per i seguenti immobili:\u00a0<\/p>\n<ul>\n<li>le unit\u00e0 immobiliari appartenenti alle cooperative edilizie a propriet\u00e0 indivisa, adibite ad abitazione principale e relative pertinenze dei soci assegnatari;<\/li>\n<li>gli alloggi sociali;<\/li>\n<li>la casa coniugale assegnata al coniuge a seguito di separazione legale, annullamento, scioglimento o cessazione degli effetti civili del matrimonio;<\/li>\n<li>l\u2019unico immobile posseduto, e non concesso in locazione, dal personale in servizio permanente appartenente alle Forze armate e alle Forze di polizia ad ordinamento militare e da quello dipendente delle Forze di polizia ad ordinamento civile, nonch\u00e9 dal personale del Corpo nazionale dei vigili del fuoco e dal personale appartenente alla carriera prefettizia, per il quale non sono richieste le condizioni della dimora abituale e della residenza anagrafica;<\/li>\n<li>una sola unit\u00e0 immobiliare posseduta dai cittadini italiani non residenti nel territorio dello Stato e iscritti all&#8217;Anagrafe degli italiani residenti all&#8217;estero (AIRE), gi\u00e0 pensionati nei rispettivi Paesi di residenza, a titolo di propriet\u00e0 o di usufrutto in Italia, a condizione che non risulti locata o data in comodato d&#8217;uso.<\/li>\n<\/ul>\n<p>&nbsp;<\/p>\n<p>Ma i casi di esenzione non finiscono qui. Dal 2016 infatti<span>\u00a0<\/span><strong>sono esenti dall\u2019IMU anche<\/strong><span>\u00a0<\/span>i terreni agricoli ubicati nei Comuni elencati nella Circolare n. 9 del Ministero delle Finanze datata 14 giugno 1993. In pi\u00f9 sono esenti i terreni agricoli:<\/p>\n<ul>\n<li>posseduti e condotti dai coltivatori diretti e dagli imprenditori agricoli professionali indicati nell\u2019articolo 1 del decreto legislativo 99 del 2004, iscritti nella previdenza agricola, indipendentemente dalla loro ubicazione;<\/li>\n<li>ubicati nei Comuni delle isole minori indicati nell\u2019allegato A della legge 448 del 2001;<\/li>\n<li>a immutabile destinazione agro-silvo-pastorale a propriet\u00e0 collettiva indivisibile e inusucapibile.<\/li>\n<\/ul>\n<p>[\/et_pb_accordion_item][\/et_pb_accordion][\/et_pb_column][\/et_pb_row][\/et_pb_section][et_pb_section fb_built=&#8221;1&#8243; _builder_version=&#8221;3.26&#8243; background_color=&#8221;#29527e&#8221; use_background_color_gradient=&#8221;on&#8221; background_color_gradient_start=&#8221;rgba(41,82,126,0.9)&#8221; background_color_gradient_end=&#8221;rgba(41,82,126,0.95)&#8221; background_color_gradient_overlays_image=&#8221;on&#8221; background_image=&#8221;https:\/\/www.gscglobalservice.com\/it\/wp-content\/uploads\/2020\/04\/architecture-2256489_1280.jpg&#8221; module_alignment=&#8221;center&#8221; custom_margin=&#8221;|40px|40px|40px|false|true&#8221; custom_margin_tablet=&#8221;|10px|10px|10px|false|false&#8221; custom_margin_phone=&#8221;&#8221; custom_margin_last_edited=&#8221;on|desktop&#8221; box_shadow_style=&#8221;preset7&#8243; box_shadow_horizontal=&#8221;0px&#8221; box_shadow_vertical=&#8221;0px&#8221; box_shadow_color=&#8221;#f4f4f4&#8243; box_shadow_spread__hover_enabled=&#8221;on&#8221; max_width__hover_enabled=&#8221;off&#8221; box_shadow_spread__hover=&#8221;40px&#8221; custom_margin__hover_enabled=&#8221;off&#8221; custom_margin__hover=&#8221;10px||||false|true&#8221; box_shadow_blur__hover_enabled=&#8221;on&#8221; box_shadow_blur__hover=&#8221;0px&#8221; box_shadow_vertical__hover_enabled=&#8221;on&#8221; box_shadow_vertical__hover=&#8221;0px&#8221;][et_pb_row _builder_version=&#8221;3.26&#8243;][et_pb_column type=&#8221;4_4&#8243; _builder_version=&#8221;3.26&#8243;][et_pb_text _builder_version=&#8221;4.4.4&#8243; text_font=&#8221;Raleway|300|||||||&#8221; text_font_size=&#8221;19px&#8221; text_line_height=&#8221;1.8em&#8221; header_font=&#8221;|700||on|||||&#8221; header_font_size=&#8221;80px&#8221; header_2_font=&#8221;Lato||||||||&#8221; header_2_font_size=&#8221;46px&#8221; header_3_font=&#8221;||||||||&#8221; text_orientation=&#8221;center&#8221; background_layout=&#8221;dark&#8221; text_text_align=&#8221;center&#8221;]<\/p>\n<h3>Servizi on-line<\/h3>\n<h2>Hai bisogno di chiarimenti e informazioni su IMU-TARI e TASI<\/h2>\n<p><span style=\"font-size: 16px;\">Puoi richiedere un appuntamento con il nostro CAF. Clicca sul bottone sottostante. Con una semplice prenotazione on-line sarai ricontattato telefonicamente e ti forniremo tutte le informazioni<\/span><\/p>\n<p>[\/et_pb_text][et_pb_button button_url=&#8221;@ET-DC@eyJkeW5hbWljIjp0cnVlLCJjb250ZW50IjoicG9zdF9saW5rX3VybF9wYWdlIiwic2V0dGluZ3MiOnsicG9zdF9pZCI6IjczOSJ9fQ==@&#8221; button_text=&#8221;CLICCA QUI&#8221; button_alignment=&#8221;center&#8221; _builder_version=&#8221;4.4.4&#8243; _dynamic_attributes=&#8221;button_url&#8221; custom_button=&#8221;on&#8221; button_text_size=&#8221;13px&#8221; button_text_color=&#8221;#ffffff&#8221; button_bg_color=&#8221;#1f76cb&#8221; button_border_width=&#8221;2px&#8221; button_border_radius=&#8221;50px&#8221; button_letter_spacing=&#8221;3px&#8221; button_font=&#8221;Raleway|600||on|||||&#8221; button_icon=&#8221;%%36%%&#8221; button_icon_color=&#8221;#ffffff&#8221; button_on_hover=&#8221;off&#8221; custom_padding=&#8221;10px|30px|10px|20px|true|false&#8221; box_shadow_style=&#8221;preset1&#8243; box_shadow_vertical=&#8221;0px&#8221; box_shadow_blur=&#8221;0px&#8221; locked=&#8221;off&#8221; button_text_size__hover=&#8221;16px&#8221; button_text_size__hover_enabled=&#8221;off&#8221; button_bg_color__hover=&#8221;#29527e&#8221; button_bg_color__hover_enabled=&#8221;on&#8221; box_shadow_vertical__hover=&#8221;2px&#8221; box_shadow_vertical__hover_enabled=&#8221;on&#8221; box_shadow_blur__hover=&#8221;18px&#8221; box_shadow_blur__hover_enabled=&#8221;on&#8221; button_bg_enable_color__hover=&#8221;on&#8221;][\/et_pb_button][\/et_pb_column][\/et_pb_row][\/et_pb_section][et_pb_section fb_built=&#8221;1&#8243; admin_label=&#8221;Process&#8221; _builder_version=&#8221;3.26&#8243; custom_margin=&#8221;|40px||40px|false|true&#8221; custom_padding=&#8221;||0px|||&#8221; saved_tabs=&#8221;all&#8221; locked=&#8221;off&#8221;][et_pb_row column_structure=&#8221;1_4,1_4,1_4,1_4&#8243; _builder_version=&#8221;3.26&#8243; width=&#8221;100%&#8221; max_width=&#8221;100%&#8221; custom_margin=&#8221;||15px||false|false&#8221;][et_pb_column type=&#8221;1_4&#8243; _builder_version=&#8221;3.25&#8243; custom_padding=&#8221;|||&#8221; custom_padding__hover=&#8221;|||&#8221;][et_pb_blurb title=&#8221;Chi siamo e i nostri contatti&#8221; use_icon=&#8221;on&#8221; font_icon=&#8221;%%3%%&#8221; icon_color=&#8221;#000000&#8243; icon_placement=&#8221;left&#8221; use_icon_font_size=&#8221;on&#8221; icon_font_size=&#8221;50px&#8221; _builder_version=&#8221;4.4.4&#8243; header_level=&#8221;h3&#8243; header_font=&#8221;||||||||&#8221; header_text_align=&#8221;right&#8221; header_font_size=&#8221;18px&#8221; header_line_height=&#8221;2.3em&#8221; body_font=&#8221;Raleway|300|||||||&#8221; body_text_color=&#8221;#999999&#8243; body_font_size=&#8221;16px&#8221; body_line_height=&#8221;1.8em&#8221; text_orientation=&#8221;right&#8221; custom_margin=&#8221;-9px|41px|||false|false&#8221; custom_padding=&#8221;||||false|false&#8221; animation_style=&#8221;slide&#8221; animation_direction=&#8221;left&#8221; animation_duration=&#8221;500ms&#8221; animation_intensity_slide=&#8221;5%&#8221; animation_starting_opacity=&#8221;100%&#8221; header_font_size_tablet=&#8221;&#8221; header_font_size_phone=&#8221;16px&#8221; header_font_size_last_edited=&#8221;on|phone&#8221; custom_css_blurb_image=&#8221;float:right;||&#8221;][\/et_pb_blurb][\/et_pb_column][et_pb_column type=&#8221;1_4&#8243; _builder_version=&#8221;3.25&#8243; custom_padding=&#8221;|||&#8221; custom_padding__hover=&#8221;|||&#8221;][et_pb_text _builder_version=&#8221;4.4.4&#8243; text_font=&#8221;Raleway|300|||||||&#8221; text_font_size=&#8221;16px&#8221; text_line_height=&#8221;1.8em&#8221; header_font=&#8221;|700||on|||||&#8221; header_font_size=&#8221;80px&#8221; header_2_font=&#8221;Lato||||||||&#8221; header_2_font_size=&#8221;46px&#8221; header_3_font=&#8221;||||||||&#8221; header_3_font_size=&#8221;20px&#8221; text_text_align=&#8221;left&#8221; locked=&#8221;off&#8221;]<\/p>\n<h3><span style=\"font-size: 18.72px;\">Global service center s.a.s.<\/span><\/h3>\n<p><span style=\"font-size: 16px;\">Centro servizi CAF &#8211; PATRONATO &#8211; <\/span><span style=\"font-size: 16px;\">SERVIZI DI CONTABILITA&#8217;<\/span><\/p>\n<p><span style=\"font-size: 16px;\">Siamo aperti al pubblico\u00a0da lunedi al giovedi dalle ore:<\/span><\/p>\n<p><span style=\"font-size: 16px;\">09.30-13.30<br \/> 14.00-18.00<\/span><\/p>\n<p><span style=\"font-size: 16px;\">E il venerd\u00ec dalle ore:<\/span><\/p>\n<p><span style=\"font-size: 16px;\">9:30-13:30<\/span><\/p>\n<p>[\/et_pb_text][\/et_pb_column][et_pb_column type=&#8221;1_4&#8243; _builder_version=&#8221;3.25&#8243; custom_padding=&#8221;|||&#8221; custom_padding__hover=&#8221;|||&#8221;][et_pb_text _builder_version=&#8221;4.4.4&#8243; text_font=&#8221;Raleway|300|||||||&#8221; text_font_size=&#8221;16px&#8221; text_line_height=&#8221;1.8em&#8221; header_font=&#8221;|700||on|||||&#8221; header_font_size=&#8221;80px&#8221; header_2_font=&#8221;Lato||||||||&#8221; header_2_font_size=&#8221;46px&#8221; header_3_font=&#8221;||||||||&#8221; header_3_font_size=&#8221;20px&#8221; custom_margin=&#8221;||9px|||&#8221; text_text_align=&#8221;left&#8221;]<\/p>\n<h3><span>Contattaci<\/span><\/h3>\n<p>[\/et_pb_text][et_pb_text _builder_version=&#8221;4.4.4&#8243; text_font=&#8221;Raleway|300|||||||&#8221; text_font_size=&#8221;16px&#8221; text_line_height=&#8221;1.8em&#8221; header_font=&#8221;|700||on|||||&#8221; header_font_size=&#8221;80px&#8221; header_2_font=&#8221;Lato||||||||&#8221; header_2_font_size=&#8221;46px&#8221; header_3_font=&#8221;||||||||&#8221; header_3_font_size=&#8221;20px&#8221; custom_margin=&#8221;||9px|||&#8221; hover_enabled=&#8221;0&#8243; text_text_align=&#8221;left&#8221;]<\/p>\n<p><span style=\"color: #000000;\"><em>Scannerizza il codice o <a href=\"https:\/\/typecard.com\/c141a6b1\">clicca qui<\/a> per i nostri contatti<\/em><\/span><\/p>\n<p>[\/et_pb_text][et_pb_image src=&#8221;https:\/\/www.gscglobalservice.com\/it\/wp-content\/uploads\/2024\/12\/IMG_3264.jpeg&#8221; title_text=&#8221;IMG_3264&#8243; url_new_window=&#8221;on&#8221; _builder_version=&#8221;4.4.4&#8243; width=&#8221;50%&#8221; hover_enabled=&#8221;0&#8243;][\/et_pb_image][\/et_pb_column][et_pb_column type=&#8221;1_4&#8243; _builder_version=&#8221;3.25&#8243; custom_padding=&#8221;|||&#8221; custom_padding__hover=&#8221;|||&#8221;][et_pb_text _builder_version=&#8221;4.4.4&#8243; text_font=&#8221;Raleway|300|||||||&#8221; text_font_size=&#8221;16px&#8221; text_line_height=&#8221;1.8em&#8221; header_font=&#8221;|700||on|||||&#8221; header_font_size=&#8221;80px&#8221; header_2_font=&#8221;Lato||||||||&#8221; header_2_font_size=&#8221;46px&#8221; header_3_font=&#8221;||||||||&#8221; header_3_font_size=&#8221;20px&#8221; text_text_align=&#8221;left&#8221;]<\/p>\n<h3><span style=\"font-size: 18.72px;\">Informazioni<\/span><\/h3>\n<p><span style=\"font-size: 16px;\"><a href=\"#\">Privacy Policy<\/a><br \/> <a href=\"#\">F.A.Q.<\/a><br \/> <a href=\"#\">Blog<\/a><br \/> <a href=\"#\">Terms &amp; Conditions<\/a><\/span><\/p>\n<p>[\/et_pb_text][et_pb_image src=&#8221;https:\/\/www.gscglobalservice.com\/it\/wp-content\/uploads\/2020\/12\/pwa_ico.png&#8221; title_text=&#8221;pwa_ico&#8221; _builder_version=&#8221;4.4.4&#8243; width=&#8221;20%&#8221;][\/et_pb_image][\/et_pb_column][\/et_pb_row][\/et_pb_section]<\/p>\n","protected":false},"excerpt":{"rendered":"<p>[et_pb_section fb_built=&#8221;1&#8243; _builder_version=&#8221;4.4.4&#8243; background_enable_color=&#8221;off&#8221; use_background_color_gradient=&#8221;on&#8221; background_color_gradient_start=&#8221;rgba(31,118,203,0.68)&#8221; background_color_gradient_end=&#8221;rgba(0,162,165,0.24)&#8221; background_color_gradient_direction=&#8221;90deg&#8221; background_color_gradient_overlays_image=&#8221;on&#8221; background_image=&#8221;https:\/\/www.gscglobalservice.com\/it\/wp-content\/uploads\/2022\/03\/modena-iuc-imu-tasi-e-tari.webp&#8221;][et_pb_row column_structure=&#8221;2_3,1_3&#8243; _builder_version=&#8221;4.4.4&#8243;][et_pb_column type=&#8221;2_3&#8243; _builder_version=&#8221;3.26&#8243;][et_pb_text _builder_version=&#8221;4.4.4&#8243; text_font=&#8221;Raleway|300|||||||&#8221; text_font_size=&#8221;19px&#8221; text_line_height=&#8221;1.8em&#8221; header_font=&#8221;Open Sans|700||on|||||&#8221; header_font_size=&#8221;50px&#8221; header_2_font=&#8221;Open Sans||||||||&#8221; header_2_font_size=&#8221;46px&#8221; header_3_font=&#8221;Open Sans||||||||&#8221; background_layout=&#8221;dark&#8221; animation_style=&#8221;fade&#8221; animation_direction=&#8221;left&#8221; animation_starting_opacity=&#8221;25%&#8221; header_font_size_tablet=&#8221;50px&#8221; header_font_size_phone=&#8221;50px&#8221; header_font_size_last_edited=&#8221;on|desktop&#8221; text_text_align=&#8221;left&#8221;] Imu &#8211; Tari &#8211; Tasi [\/et_pb_text][\/et_pb_column][et_pb_column type=&#8221;1_3&#8243; _builder_version=&#8221;3.26&#8243;][\/et_pb_column][\/et_pb_row][et_pb_row column_structure=&#8221;1_3,1_3,1_3&#8243; _builder_version=&#8221;4.4.4&#8243;][et_pb_column type=&#8221;1_3&#8243; _builder_version=&#8221;3.26&#8243;][\/et_pb_column][et_pb_column type=&#8221;1_3&#8243; _builder_version=&#8221;3.26&#8243;][\/et_pb_column][et_pb_column type=&#8221;1_3&#8243; _builder_version=&#8221;3.26&#8243;][et_pb_social_media_follow follow_button=&#8221;on&#8221; _builder_version=&#8221;4.4.4&#8243; background_color=&#8221;rgba(0,0,0,0)&#8221; custom_button=&#8221;on&#8221; button_text_color=&#8221;#0c71c3&#8243; [&hellip;]<\/p>\n","protected":false},"author":1,"featured_media":0,"parent":0,"menu_order":0,"comment_status":"closed","ping_status":"closed","template":"","meta":{"_et_pb_use_builder":"on","_et_pb_old_content":"","_et_gb_content_width":"","om_disable_all_campaigns":false,"_monsterinsights_skip_tracking":false},"jetpack_sharing_enabled":true,"jetpack-related-posts":[{"id":480,"url":"https:\/\/www.gscglobalservice.com\/it\/","url_meta":{"origin":911,"position":0},"title":"Chi Siamo","author":"Sergio","date":"Aprile 26, 2020","format":false,"excerpt":"[et_pb_text _builder_version=\"4.4.4\" width_tablet=\"\" width_phone=\"150%\" width_last_edited=\"on|tablet\"\u2026","rel":"","context":"Articolo simile","block_context":{"text":"Articolo simile","link":""},"img":{"alt_text":"","src":"","width":0,"height":0},"classes":[]},{"id":820,"url":"https:\/\/www.gscglobalservice.com\/it\/copy-home\/","url_meta":{"origin":911,"position":1},"title":"copy home","author":"Sergio","date":"Maggio 4, 2020","format":false,"excerpt":"GSC global service center s.a.s. CAF Patronato Assistenza, consulenza personalizzata e competenza in\u2026","rel":"","context":"Articolo simile","block_context":{"text":"Articolo simile","link":""},"img":{"alt_text":"","src":"","width":0,"height":0},"classes":[]},{"id":840,"url":"https:\/\/www.gscglobalservice.com\/it\/mod-730\/","url_meta":{"origin":911,"position":2},"title":"Mod-730","author":"Sergio","date":"Maggio 4, 2020","format":false,"excerpt":"[et_pb_social_media_follow follow_button=\"on\" _builder_version=\"4.4.4\"\u2026","rel":"","context":"Articolo simile","block_context":{"text":"Articolo simile","link":""},"img":{"alt_text":"","src":"","width":0,"height":0},"classes":[]},{"id":923,"url":"https:\/\/www.gscglobalservice.com\/it\/contratti_locazione-2\/","url_meta":{"origin":911,"position":3},"title":"Contratti_Locazione","author":"Sergio","date":"Maggio 4, 2020","format":false,"excerpt":"[et_pb_social_media_follow follow_button=\"on\" _builder_version=\"4.4.4\" background_color=\"rgba(0,0,0,0)\"\u2026","rel":"","context":"Articolo simile","block_context":{"text":"Articolo simile","link":""},"img":{"alt_text":"","src":"","width":0,"height":0},"classes":[]},{"id":894,"url":"https:\/\/www.gscglobalservice.com\/it\/dichiarazione-successione\/","url_meta":{"origin":911,"position":4},"title":"Dichiarazione successione","author":"Sergio","date":"Maggio 4, 2020","format":false,"excerpt":"[et_pb_social_media_follow follow_button=\"on\"\u2026","rel":"","context":"Articolo simile","block_context":{"text":"Articolo simile","link":""},"img":{"alt_text":"","src":"","width":0,"height":0},"classes":[]},{"id":943,"url":"https:\/\/www.gscglobalservice.com\/it\/icric-iclav-accas-ps\/","url_meta":{"origin":911,"position":5},"title":"ICRIC-ICLAV-ACCAS\/PS","author":"Sergio","date":"Maggio 4, 2020","format":false,"excerpt":"[et_pb_social_media_follow follow_button=\"on\"\u2026","rel":"","context":"Articolo simile","block_context":{"text":"Articolo simile","link":""},"img":{"alt_text":"","src":"","width":0,"height":0},"classes":[]}],"_links":{"self":[{"href":"https:\/\/www.gscglobalservice.com\/it\/wp-json\/wp\/v2\/pages\/911"}],"collection":[{"href":"https:\/\/www.gscglobalservice.com\/it\/wp-json\/wp\/v2\/pages"}],"about":[{"href":"https:\/\/www.gscglobalservice.com\/it\/wp-json\/wp\/v2\/types\/page"}],"author":[{"embeddable":true,"href":"https:\/\/www.gscglobalservice.com\/it\/wp-json\/wp\/v2\/users\/1"}],"replies":[{"embeddable":true,"href":"https:\/\/www.gscglobalservice.com\/it\/wp-json\/wp\/v2\/comments?post=911"}],"version-history":[{"count":15,"href":"https:\/\/www.gscglobalservice.com\/it\/wp-json\/wp\/v2\/pages\/911\/revisions"}],"predecessor-version":[{"id":225941,"href":"https:\/\/www.gscglobalservice.com\/it\/wp-json\/wp\/v2\/pages\/911\/revisions\/225941"}],"wp:attachment":[{"href":"https:\/\/www.gscglobalservice.com\/it\/wp-json\/wp\/v2\/media?parent=911"}],"curies":[{"name":"wp","href":"https:\/\/api.w.org\/{rel}","templated":true}]}}